{"id":7155,"date":"2021-03-24T14:38:31","date_gmt":"2021-03-24T13:38:31","guid":{"rendered":"https:\/\/www.arredojolly.com\/?page_id=7155"},"modified":"2021-03-24T18:16:45","modified_gmt":"2021-03-24T17:16:45","slug":"exposition-sion","status":"publish","type":"page","link":"https:\/\/www.arredojolly.com\/fr\/exposition-sion\/","title":{"rendered":"Sion"},"content":{"rendered":"<div class=\"wpb-content-wrapper\"><p>[vc_row full_width=\u00a0\u00bbstretch_row_content_no_spaces\u00a0\u00bb content_placement=\u00a0\u00bbtop\u00a0\u00bb][vc_column css=\u00a0\u00bb.vc_custom_1570701164865{padding-top: 50px !important;padding-right: 50px !important;padding-bottom: 50px !important;padding-left: 50px !important;}\u00a0\u00bb][vc_column_text]<\/p>\n<h1 class=\"big\" style=\"color: #ffffff; text-align: center;\">Exposition \u00e0 Sion<\/h1>\n<p>[\/vc_column_text][\/vc_column][\/vc_row][vc_row row_content_width=\u00a0\u00bbgrid\u00a0\u00bb enable_borders=\u00a0\u00bbleft-right\u00a0\u00bb css=\u00a0\u00bb.vc_custom_1579683900722{padding-top: 120px !important;padding-bottom: 120px !important;}\u00a0\u00bb simple_background_color=\u00a0\u00bb#ffffff\u00a0\u00bb eltd_border_color=\u00a0\u00bb#ece8e5&Prime;][vc_column][vc_column_text]<\/p>\n<h2 style=\"text-align: left;\">Le design qui cr\u00e9e la personnalit\u00e9 avec les meilleures marques de meubles et de rev\u00eatements<\/h2>\n<p>[\/vc_column_text][vc_empty_space height=\u00a0\u00bb60px\u00a0\u00bb][vc_row_inner][vc_column_inner width=\u00a0\u00bb1\/2&Prime;][vc_column_text]Notre nouvelle exposition d\u00e9di\u00e9e au design sp\u00e9cialis\u00e9e en solutions d\u2019agencement int\u00e9rieur pour vos cuisines, sanitaires, wellness, piscine et rev\u00eatement de sol.<br \/>\nDepuis plus de 40 ans, l\u2019objectif d\u2019Arredo Jolly est de satisfaire tous les besoins de ses clients, gr\u00e2ce au professionnalisme d\u2019op\u00e9rateurs internes sp\u00e9cialis\u00e9s dans l\u2019installation et l\u2019am\u00e9nagement int\u00e9rieur.[\/vc_column_text][\/vc_column_inner][vc_column_inner width=\u00a0\u00bb1\/2&Prime;][vc_column_text]La longue exp\u00e9rience du secteur et les partenariats avec les principaux cabinets d\u2019architecture ont permis \u00e0 Arredo Jolly d\u2019acqu\u00e9rir une connaissance approfondie de son march\u00e9 et de se proposer comme partenaire qualifi\u00e9.[\/vc_column_text][\/vc_column_inner][\/vc_row_inner][\/vc_column][\/vc_row][vc_row row_content_width=\u00a0\u00bbgrid\u00a0\u00bb enable_borders=\u00a0\u00bbleft-right\u00a0\u00bb parallax_background_image=\u00a0\u00bb5000&Prime; eltd_border_color=\u00a0\u00bb#ece8e5&Prime;][vc_column offset=\u00a0\u00bbvc_col-lg-offset-0 vc_col-lg-6 vc_col-md-offset-0 vc_col-md-12 vc_col-sm-offset-0 vc_col-xs-12&Prime;]<div class=\"eltdf-elements-holder   eltdf-one-column  eltdf-responsive-mode-768 \" ><div class=\"eltdf-eh-item     \"  data-item-class=\"eltdf-eh-custom-7842\" data-1367-1600=\"0px 85px 130px 0px\" data-1025-1366=\"0px 85px 130px 0px\" data-769-1024=\"0px 0px 0px 0px\">\n\t<div class=\"eltdf-eh-item-inner\">\n\t\t<div class=\"eltdf-eh-item-content eltdf-eh-custom-7842\" style=\"padding: 0px 85px 130px 0px\">\n\t\t\t<div class=\"eltdf-single-image-holder   \">\n    <div class=\"eltdf-si-inner\" >\n                                    <img loading=\"lazy\" decoding=\"async\" width=\"800\" height=\"1000\" src=\"https:\/\/www.arredojolly.com\/wp-content\/uploads\/2021\/03\/arredo-jolly-sion-.jpg\" class=\"attachment-full size-full\" alt=\"arredo jolly sion\" srcset=\"https:\/\/www.arredojolly.com\/wp-content\/uploads\/2021\/03\/arredo-jolly-sion-.jpg 800w, https:\/\/www.arredojolly.com\/wp-content\/uploads\/2021\/03\/arredo-jolly-sion--240x300.jpg 240w, https:\/\/www.arredojolly.com\/wp-content\/uploads\/2021\/03\/arredo-jolly-sion--768x960.jpg 768w\" sizes=\"(max-width: 800px) 100vw, 800px\" \/>                        <\/div>\n<\/div>\t\t<\/div>\n\t<\/div>\n    <\/div><\/div>[\/vc_column][vc_column offset=\u00a0\u00bbvc_col-lg-offset-0 vc_col-lg-6 vc_col-md-offset-0 vc_col-md-12 vc_col-sm-offset-0 vc_col-xs-12&Prime;]<div class=\"eltdf-elements-holder   eltdf-one-column  eltdf-responsive-mode-768 \" ><div class=\"eltdf-eh-item     \"  data-item-class=\"eltdf-eh-custom-5469\" data-1367-1600=\"169px 36px 30px 26px\" data-1025-1366=\"169px 36px 30px 26px\" data-769-1024=\"194px 234px 120px 0px\" data-681-768=\"90px 154px 90px 0px\" data-680=\"64px 0px 80px 0px\">\n\t<div class=\"eltdf-eh-item-inner\">\n\t\t<div class=\"eltdf-eh-item-content eltdf-eh-custom-5469\" style=\"padding: 261px 143px 50px 72px\">\n\t\t\t<div class=\"eltdf-section-title-holder  eltdf-st-standard eltdf-st-title-left eltdf-st-normal-space \" >\n\t<div class=\"eltdf-st-inner\">\n\t\t\n        \n\t\t\t\t\t<h1 class=\"eltdf-st-title\" >\n\t\t\t\t<span>\n\t\t\t\tInstallation sp\u00e9cialis\u00e9e et garantie d\u00e9cennale\t\t\t\t<\/span>\n\t\t\t<\/h1>\n\t\t\t\t\t\t\t<p class=\"eltdf-st-text\" style=\"font-size: 16px;line-height: 25px;font-weight: 300\">\n\t\t\t\tDepuis plus de 40 ans, l\u2019objectif d\u2019Arredo Jolly est de satisfaire tous les besoins de ses clients, gr\u00e2ce au professionnalisme d\u2019op\u00e9rateurs internes sp\u00e9cialis\u00e9s dans l\u2019installation et l\u2019am\u00e9nagement int\u00e9rieur.\nLa longue exp\u00e9rience du secteur et les partenariats avec les principaux cabinets d\u2019architecture ont permis \u00e0 Arredo Jolly d\u2019acqu\u00e9rir une connaissance approfondie de son march\u00e9 et de se proposer comme partenaire qualifi\u00e9.\n\u00c0 ce jour, Arredo Jolly poss\u00e8de d\u2019importants projets cr\u00e9\u00e9s pour des r\u00e9sidences priv\u00e9es et des h\u00f4tels.\t\t\t<\/p>\n\t\t\t<\/div>\n<\/div>[vc_empty_space]<a itemprop=\"url\" href=\"#contac\" target=\"_self\"  class=\"eltdf-btn eltdf-btn-medium eltdf-btn-outline\"  >\n    <span class=\"eltdf-btn-text\">Demandez un devis<\/span>\n    <\/a>[vc_empty_space]\t\t<\/div>\n\t<\/div>\n    <\/div><\/div>[\/vc_column][\/vc_row][vc_row enable_borders=\u00a0\u00bbleft-right\u00a0\u00bb parallax_background_image=\u00a0\u00bb7170&Prime; parallax_bg_height=\u00a0\u00bb500&Prime; eltd_border_color=\u00a0\u00bb#ece8e5&Prime; left_right_offset=\u00a0\u00bb111px\u00a0\u00bb][vc_column][\/vc_column][\/vc_row][vc_row equal_height=\u00a0\u00bbyes\u00a0\u00bb enable_borders=\u00a0\u00bball-overflow\u00a0\u00bb css=\u00a0\u00bb.vc_custom_1570710373681{padding-top: 120px !important;padding-bottom: 120px !important;}\u00a0\u00bb eltd_border_color=\u00a0\u00bb#ece8e5&Prime; left_right_offset=\u00a0\u00bb110px\u00a0\u00bb][vc_column][vc_row_inner row_content_width=\u00a0\u00bbgrid\u00a0\u00bb content_text_aligment=\u00a0\u00bbcenter\u00a0\u00bb][vc_column_inner width=\u00a0\u00bb1\/2&Prime; offset=\u00a0\u00bbvc_col-lg-offset-0 vc_col-lg-3 vc_col-md-offset-0 vc_col-md-6 vc_col-sm-offset-0 vc_col-xs-12&Prime;]<div class=\"eltdf-elements-holder   eltdf-one-column  eltdf-responsive-mode-768 \" ><div class=\"eltdf-eh-item     \" style=\"border-color: #ffffff;border-width: 2px;border-style: solid\" data-item-class=\"eltdf-eh-custom-6472\" data-1367-1600=\"88px 20px 99px\" data-1025-1366=\"88px 20px 99px\" data-769-1024=\"88px 72px 99px\" data-681-768=\"88px 37px 99px\" data-680=\"88px 44px 99px\">\n\t<div class=\"eltdf-eh-item-inner\">\n\t\t<div class=\"eltdf-eh-item-content eltdf-eh-custom-6472\" style=\"padding: 88px 46px 99px\">\n\t\t\t[vc_column_text]<\/p>\n<h3 style=\"text-align: center;\">I<\/h3>\n<p>[\/vc_column_text][vc_empty_space height=\u00a0\u00bb12px\u00a0\u00bb][vc_column_text]<\/p>\n<h4 style=\"text-align: center;\">cuisines<\/h4>\n<p>[\/vc_column_text][vc_column_text css=\u00a0\u00bb.vc_custom_1616600398016{margin-top: -1px !important;}\u00a0\u00bb]<\/p>\n<p style=\"text-align: center;\">Choisissez la cuisine de vos r\u00eaves parmi les mod\u00e8les Rastelli et personnalisez-la pour la rendre unique.<\/p>\n<p>[\/vc_column_text][vc_empty_space height=\u00a0\u00bb50px\u00a0\u00bb]\t\t<\/div>\n\t<\/div>\n    <\/div><\/div>[\/vc_column_inner][vc_column_inner width=\u00a0\u00bb1\/2&Prime; offset=\u00a0\u00bbvc_col-lg-offset-0 vc_col-lg-3 vc_col-md-offset-0 vc_col-md-6 vc_col-sm-offset-0 vc_col-xs-12&Prime;]<div class=\"eltdf-elements-holder   eltdf-one-column  eltdf-responsive-mode-768 \" ><div class=\"eltdf-eh-item     \" style=\"border-color: #ffffff;border-width: 2px;border-style: solid\" data-item-class=\"eltdf-eh-custom-5729\" data-1367-1600=\"88px 20px 99px\" data-1025-1366=\"88px 20px 99px\" data-769-1024=\"88px 72px 99px\" data-681-768=\"88px 37px 99px\" data-680=\"88px 44px 99px\">\n\t<div class=\"eltdf-eh-item-inner\">\n\t\t<div class=\"eltdf-eh-item-content eltdf-eh-custom-5729\" style=\"padding: 88px 46px 99px\">\n\t\t\t[vc_column_text]<\/p>\n<h3 style=\"text-align: center;\">II<\/h3>\n<p>[\/vc_column_text][vc_empty_space height=\u00a0\u00bb12px\u00a0\u00bb][vc_column_text]<\/p>\n<h4 style=\"text-align: center;\">wellness<\/h4>\n<p>[\/vc_column_text][vc_column_text css=\u00a0\u00bb.vc_custom_1616600595226{margin-top: -1px !important;}\u00a0\u00bb]<\/p>\n<p style=\"text-align: center;\">Grande exp\u00e9rience dans le secteur du bien-\u00eatre, gr\u00e2ce \u00e0 des marques telles que Effegibi, Stenal et Geromin Group.<\/p>\n<p>[\/vc_column_text][vc_empty_space height=\u00a0\u00bb50px\u00a0\u00bb]\t\t<\/div>\n\t<\/div>\n    <\/div><\/div>[\/vc_column_inner][vc_column_inner width=\u00a0\u00bb1\/2&Prime; offset=\u00a0\u00bbvc_col-lg-offset-0 vc_col-lg-3 vc_col-md-offset-0 vc_col-md-6 vc_col-sm-offset-0 vc_col-xs-12&Prime;]<div class=\"eltdf-elements-holder   eltdf-one-column  eltdf-responsive-mode-768 \" ><div class=\"eltdf-eh-item     \" style=\"border-color: #ffffff;border-width: 2px;border-style: solid\" data-item-class=\"eltdf-eh-custom-2078\" data-1367-1600=\"88px 20px 99px\" data-1025-1366=\"88px 20px 99px\" data-769-1024=\"88px 72px 99px\" data-681-768=\"88px 37px 99px\" data-680=\"88px 44px 99px\">\n\t<div class=\"eltdf-eh-item-inner\">\n\t\t<div class=\"eltdf-eh-item-content eltdf-eh-custom-2078\" style=\"padding: 88px 46px 99px\">\n\t\t\t[vc_column_text]<\/p>\n<h3 style=\"text-align: center;\">III<\/h3>\n<p>[\/vc_column_text][vc_empty_space height=\u00a0\u00bb12px\u00a0\u00bb][vc_column_text]<\/p>\n<h4 style=\"text-align: center;\">sanitaires<\/h4>\n<p>[\/vc_column_text][vc_column_text css=\u00a0\u00bb.vc_custom_1616602302513{margin-top: -1px !important;}\u00a0\u00bb]<\/p>\n<p style=\"text-align: center;\">Gessi, Antonio Lupi, Bellosta, sont quelques-unes des marques que vous trouverez dans le showroom.<\/p>\n<p>[\/vc_column_text][vc_empty_space height=\u00a0\u00bb50px\u00a0\u00bb]\t\t<\/div>\n\t<\/div>\n    <\/div><\/div>[\/vc_column_inner][vc_column_inner width=\u00a0\u00bb1\/2&Prime; offset=\u00a0\u00bbvc_col-lg-offset-0 vc_col-lg-3 vc_col-md-offset-0 vc_col-md-6 vc_col-sm-offset-0 vc_col-xs-12&Prime;]<div class=\"eltdf-elements-holder   eltdf-one-column  eltdf-responsive-mode-768 \" ><div class=\"eltdf-eh-item     \" style=\"border-color: #ffffff;border-width: 2px;border-style: solid\" data-item-class=\"eltdf-eh-custom-4689\" data-1367-1600=\"88px 20px 99px\" data-1025-1366=\"88px 20px 99px\" data-769-1024=\"88px 72px 99px\" data-681-768=\"88px 37px 99px\" data-680=\"88px 44px 99px\">\n\t<div class=\"eltdf-eh-item-inner\">\n\t\t<div class=\"eltdf-eh-item-content eltdf-eh-custom-4689\" style=\"padding: 88px 46px 99px\">\n\t\t\t[vc_column_text]<\/p>\n<h3 style=\"text-align: center;\">IV<\/h3>\n<p>[\/vc_column_text][vc_empty_space height=\u00a0\u00bb12px\u00a0\u00bb][vc_column_text]<\/p>\n<h4 style=\"text-align: center;\">carrelages<\/h4>\n<p>[\/vc_column_text][vc_column_text css=\u00a0\u00bb.vc_custom_1599810441187{margin-top: -1px !important;}\u00a0\u00bb]<\/p>\n<p style=\"text-align: center;\">Assistance continue, du choix du parquet \u00e0 la livraison, de la pose \u00e0 l&rsquo;entretien et garantie de pose.<\/p>\n<p>[\/vc_column_text][vc_empty_space height=\u00a0\u00bb50px\u00a0\u00bb]\t\t<\/div>\n\t<\/div>\n    <\/div><\/div>[\/vc_column_inner][\/vc_row_inner][\/vc_column][\/vc_row][vc_row enable_borders=\u00a0\u00bbleft-right\u00a0\u00bb eltd_border_color=\u00a0\u00bb#ece8e5&Prime; left_right_offset=\u00a0\u00bb0%\u00a0\u00bb][vc_column width=\u00a0\u00bb7\/12&Prime;]<div class=\"eltdf-elements-holder   eltdf-one-column  eltdf-responsive-mode-768 \" ><div class=\"eltdf-eh-item     \"  data-item-class=\"eltdf-eh-custom-9644\" data-1367-1600=\"0px 17% 0px 0%\" data-1025-1366=\"0px 17% 0px 0%\">\n\t<div class=\"eltdf-eh-item-inner\">\n\t\t<div class=\"eltdf-eh-item-content eltdf-eh-custom-9644\" style=\"padding: 0px 0% 0px 0%\">\n\t\t\t<div class=\"eltdf-image-gallery  eltdf-ig-slider-type eltdf-three-columns eltdf-no-space  \">\n\t<div class=\"eltdf-ig-slider eltdf-owl-slider\" data-number-of-items=\"1\" data-enable-loop=\"yes\" data-enable-autoplay=\"yes\" data-slider-speed=\"5000\" data-slider-speed-animation=\"600\" data-slider-padding=\"no\" data-enable-navigation=\"yes\" data-enable-pagination=\"no\" data-enable-pagination-names=\"no\" data-enable-auto-width=\"no\">\n\t\t\t\t\t<div class=\"eltdf-ig-image\">\n\t\t\t\t\t\t\t\t\t<img loading=\"lazy\" decoding=\"async\" width=\"1920\" height=\"1280\" src=\"https:\/\/www.arredojolly.com\/wp-content\/uploads\/2021\/03\/IMG_9253.jpg\" class=\"attachment-full size-full\" alt=\"\" srcset=\"https:\/\/www.arredojolly.com\/wp-content\/uploads\/2021\/03\/IMG_9253.jpg 1920w, https:\/\/www.arredojolly.com\/wp-content\/uploads\/2021\/03\/IMG_9253-300x200.jpg 300w, https:\/\/www.arredojolly.com\/wp-content\/uploads\/2021\/03\/IMG_9253-1024x683.jpg 1024w, https:\/\/www.arredojolly.com\/wp-content\/uploads\/2021\/03\/IMG_9253-768x512.jpg 768w, https:\/\/www.arredojolly.com\/wp-content\/uploads\/2021\/03\/IMG_9253-1536x1024.jpg 1536w\" sizes=\"(max-width: 1920px) 100vw, 1920px\" \/>                                                \t\t\t\t\t\t\t<\/div>\n\t\t\t\t\t<div class=\"eltdf-ig-image\">\n\t\t\t\t\t\t\t\t\t<img loading=\"lazy\" decoding=\"async\" width=\"1920\" height=\"1280\" src=\"https:\/\/www.arredojolly.com\/wp-content\/uploads\/2021\/03\/IMG_9214.jpg\" class=\"attachment-full size-full\" alt=\"arredo jolly sion 5\" srcset=\"https:\/\/www.arredojolly.com\/wp-content\/uploads\/2021\/03\/IMG_9214.jpg 1920w, https:\/\/www.arredojolly.com\/wp-content\/uploads\/2021\/03\/IMG_9214-300x200.jpg 300w, https:\/\/www.arredojolly.com\/wp-content\/uploads\/2021\/03\/IMG_9214-1024x683.jpg 1024w, https:\/\/www.arredojolly.com\/wp-content\/uploads\/2021\/03\/IMG_9214-768x512.jpg 768w, https:\/\/www.arredojolly.com\/wp-content\/uploads\/2021\/03\/IMG_9214-1536x1024.jpg 1536w\" sizes=\"(max-width: 1920px) 100vw, 1920px\" \/>                                                \t\t\t\t\t\t\t<\/div>\n\t\t\t\t\t<div class=\"eltdf-ig-image\">\n\t\t\t\t\t\t\t\t\t<img loading=\"lazy\" decoding=\"async\" width=\"1920\" height=\"1280\" src=\"https:\/\/www.arredojolly.com\/wp-content\/uploads\/2021\/03\/IMG_9238.jpg\" class=\"attachment-full size-full\" alt=\"\" srcset=\"https:\/\/www.arredojolly.com\/wp-content\/uploads\/2021\/03\/IMG_9238.jpg 1920w, https:\/\/www.arredojolly.com\/wp-content\/uploads\/2021\/03\/IMG_9238-300x200.jpg 300w, https:\/\/www.arredojolly.com\/wp-content\/uploads\/2021\/03\/IMG_9238-1024x683.jpg 1024w, https:\/\/www.arredojolly.com\/wp-content\/uploads\/2021\/03\/IMG_9238-768x512.jpg 768w, https:\/\/www.arredojolly.com\/wp-content\/uploads\/2021\/03\/IMG_9238-1536x1024.jpg 1536w\" sizes=\"(max-width: 1920px) 100vw, 1920px\" \/>                                                \t\t\t\t\t\t\t<\/div>\n\t\t\t\t\t<div class=\"eltdf-ig-image\">\n\t\t\t\t\t\t\t\t\t<img loading=\"lazy\" decoding=\"async\" width=\"1920\" height=\"1280\" src=\"https:\/\/www.arredojolly.com\/wp-content\/uploads\/2021\/03\/sion-sion.jpg\" class=\"attachment-full size-full\" alt=\"\" srcset=\"https:\/\/www.arredojolly.com\/wp-content\/uploads\/2021\/03\/sion-sion.jpg 1920w, https:\/\/www.arredojolly.com\/wp-content\/uploads\/2021\/03\/sion-sion-300x200.jpg 300w, https:\/\/www.arredojolly.com\/wp-content\/uploads\/2021\/03\/sion-sion-1024x683.jpg 1024w, https:\/\/www.arredojolly.com\/wp-content\/uploads\/2021\/03\/sion-sion-768x512.jpg 768w, https:\/\/www.arredojolly.com\/wp-content\/uploads\/2021\/03\/sion-sion-1536x1024.jpg 1536w\" sizes=\"(max-width: 1920px) 100vw, 1920px\" \/>                                                \t\t\t\t\t\t\t<\/div>\n\t\t\t\t\t<div class=\"eltdf-ig-image\">\n\t\t\t\t\t\t\t\t\t<img loading=\"lazy\" decoding=\"async\" width=\"1920\" height=\"1280\" src=\"https:\/\/www.arredojolly.com\/wp-content\/uploads\/2021\/03\/IMG_9236.jpg\" class=\"attachment-full size-full\" alt=\"\" srcset=\"https:\/\/www.arredojolly.com\/wp-content\/uploads\/2021\/03\/IMG_9236.jpg 1920w, https:\/\/www.arredojolly.com\/wp-content\/uploads\/2021\/03\/IMG_9236-300x200.jpg 300w, https:\/\/www.arredojolly.com\/wp-content\/uploads\/2021\/03\/IMG_9236-1024x683.jpg 1024w, https:\/\/www.arredojolly.com\/wp-content\/uploads\/2021\/03\/IMG_9236-768x512.jpg 768w, https:\/\/www.arredojolly.com\/wp-content\/uploads\/2021\/03\/IMG_9236-1536x1024.jpg 1536w\" sizes=\"(max-width: 1920px) 100vw, 1920px\" \/>                                                \t\t\t\t\t\t\t<\/div>\n\t\t\t\t\t<div class=\"eltdf-ig-image\">\n\t\t\t\t\t\t\t\t\t<img loading=\"lazy\" decoding=\"async\" width=\"1920\" height=\"1280\" src=\"https:\/\/www.arredojolly.com\/wp-content\/uploads\/2021\/03\/IMG_9249.jpg\" class=\"attachment-full size-full\" alt=\"\" srcset=\"https:\/\/www.arredojolly.com\/wp-content\/uploads\/2021\/03\/IMG_9249.jpg 1920w, https:\/\/www.arredojolly.com\/wp-content\/uploads\/2021\/03\/IMG_9249-300x200.jpg 300w, https:\/\/www.arredojolly.com\/wp-content\/uploads\/2021\/03\/IMG_9249-1024x683.jpg 1024w, https:\/\/www.arredojolly.com\/wp-content\/uploads\/2021\/03\/IMG_9249-768x512.jpg 768w, https:\/\/www.arredojolly.com\/wp-content\/uploads\/2021\/03\/IMG_9249-1536x1024.jpg 1536w\" sizes=\"(max-width: 1920px) 100vw, 1920px\" \/>                                                \t\t\t\t\t\t\t<\/div>\n\t\t\t<\/div>\n<\/div>\t\t<\/div>\n\t<\/div>\n    <\/div><\/div>[\/vc_column][vc_column width=\u00a0\u00bb5\/12&Prime; css=\u00a0\u00bb.vc_custom_1533295033230{margin-left: -9% !important;}\u00a0\u00bb]<div class=\"eltdf-elements-holder   eltdf-one-column  eltdf-responsive-mode-768 \" ><div class=\"eltdf-eh-item     \"  data-item-class=\"eltdf-eh-custom-1143\" data-1367-1600=\"54px 35.4% 0px 0%\" data-1025-1366=\"54px 35.4% 0px 0%\" data-681-768=\"94px 34% 0px 9%\">\n\t<div class=\"eltdf-eh-item-inner\">\n\t\t<div class=\"eltdf-eh-item-content eltdf-eh-custom-1143\" style=\"padding: 147px 21% 0px 20%\">\n\t\t\t<div class=\"eltdf-image-highlight-holder  eltdf-ih-with-animation\">\n        <div class=\"eltdf-image-highlight-holder-inner\">\n        <div class=\"eltdf-ih-image\">\n                                        <img loading=\"lazy\" decoding=\"async\" width=\"440\" height=\"641\" src=\"https:\/\/www.arredojolly.com\/wp-content\/uploads\/2019\/12\/arredo-jolly-mosaici-1.jpg\" class=\"attachment-full size-full\" alt=\"\" srcset=\"https:\/\/www.arredojolly.com\/wp-content\/uploads\/2019\/12\/arredo-jolly-mosaici-1.jpg 440w, https:\/\/www.arredojolly.com\/wp-content\/uploads\/2019\/12\/arredo-jolly-mosaici-1-206x300.jpg 206w\" sizes=\"(max-width: 440px) 100vw, 440px\" \/>                    <\/div>\n        <div class=\"eltdf-ih-text-holder\" style=\"text-align: right\">\n                                <\/div>\n    <\/div>\n<\/div>[vc_empty_space height=\u00a0\u00bb50px\u00a0\u00bb]\t\t<\/div>\n\t<\/div>\n    <\/div><\/div>[\/vc_column][\/vc_row][vc_row enable_borders=\u00a0\u00bbleft-right\u00a0\u00bb eltd_border_color=\u00a0\u00bb#ece8e5&Prime; css=\u00a0\u00bb.vc_custom_1579683948712{border-top-width: 1px !important;padding-top: 65px !important;padding-bottom: 85px !important;border-top-color: #ece8e5 !important;border-top-style: solid !important;}\u00a0\u00bb][vc_column][vc_row_inner row_content_width=\u00a0\u00bbgrid\u00a0\u00bb css=\u00a0\u00bb.vc_custom_1579618091506{padding-bottom: 20px !important;}\u00a0\u00bb][vc_column_inner]<div class=\"eltdf-call-to-action-holder  eltdf-normal-layout  eltdf-three-quarters-columns\">\n\t<div class=\"eltdf-cta-inner \">\n\t\t<div class=\"eltdf-cta-text-holder\">\n\t\t\t<div class=\"eltdf-cta-text\">\n<h2>Aimez-vous les parquets dans tous les environnements?<\/h2>\n<\/div>\n\t\t<\/div>\n\t\t<div class=\"eltdf-cta-button-holder\" >\n\t\t\t<div class=\"eltdf-cta-button\"><a itemprop=\"url\" href=\"#contac\" target=\"_self\" style=\"color: #000000\" class=\"eltdf-btn eltdf-btn-medium eltdf-btn-outline eltdf-btn-custom-hover-bg eltdf-btn-custom-hover-color\" data-hover-color=\"#ffffff\" data-hover-bg-color=\"#000000\" >    <span class=\"eltdf-btn-text\">Demandez un devis<\/span>    <\/a><\/div>\n\t\t<\/div>\n\t<\/div>\n<\/div>[\/vc_column_inner][\/vc_row_inner][\/vc_column][\/vc_row][vc_row enable_borders=\u00a0\u00bbleft-right\u00a0\u00bb eltd_border_color=\u00a0\u00bb#ece8e5&Prime; css=\u00a0\u00bb.vc_custom_1616602967431{border-top-width: 1px !important;padding-top: 65px !important;padding-bottom: 85px !important;background-color: #ffffff !important;border-top-color: #ece8e5 !important;border-top-style: solid !important;}\u00a0\u00bb anchor=\u00a0\u00bbcontac\u00a0\u00bb][vc_column][vc_row_inner row_content_width=\u00a0\u00bbgrid\u00a0\u00bb css=\u00a0\u00bb.vc_custom_1579618091506{padding-bottom: 20px !important;}\u00a0\u00bb][vc_column_inner]\n<div class=\"wpcf7 no-js\" id=\"wpcf7-f7238-o1\" lang=\"fr-FR\" dir=\"ltr\">\n<div class=\"screen-reader-response\"><p role=\"status\" aria-live=\"polite\" aria-atomic=\"true\"><\/p> <ul><\/ul><\/div>\n<form action=\"\/fr\/wp-json\/wp\/v2\/pages\/7155#wpcf7-f7238-o1\" method=\"post\" class=\"wpcf7-form init\" aria-label=\"Formulaire de contact\" novalidate=\"novalidate\" data-status=\"init\">\n<div style=\"display: none;\">\n<input type=\"hidden\" name=\"_wpcf7\" value=\"7238\" \/>\n<input type=\"hidden\" name=\"_wpcf7_version\" value=\"5.9.3\" \/>\n<input type=\"hidden\" name=\"_wpcf7_locale\" value=\"fr_FR\" \/>\n<input type=\"hidden\" name=\"_wpcf7_unit_tag\" value=\"wpcf7-f7238-o1\" \/>\n<input type=\"hidden\" name=\"_wpcf7_container_post\" value=\"0\" \/>\n<input type=\"hidden\" name=\"_wpcf7_posted_data_hash\" value=\"\" \/>\n<input type=\"hidden\" name=\"_wpcf7_recaptcha_response\" value=\"\" \/>\n<\/div>\n<div class=\"eltdf-grid-row eltdf-grid-normal-gutter\">\n\t<div class=\"eltdf-grid-col-6\">\n\t\t<p><span class=\"wpcf7-form-control-wrap\" data-name=\"your-name\"><input size=\"40\" class=\"wpcf7-form-control wpcf7-text wpcf7-validates-as-required\" aria-required=\"true\" aria-invalid=\"false\" placeholder=\"Nom et pr\u00e9nom\" value=\"\" type=\"text\" name=\"your-name\" \/><\/span>\n\t\t<\/p>\n\t<\/div>\n\t<div class=\"eltdf-grid-col-6\">\n\t\t<p><span class=\"wpcf7-form-control-wrap\" data-name=\"your-email\"><input size=\"40\" class=\"wpcf7-form-control wpcf7-email wpcf7-validates-as-required wpcf7-text wpcf7-validates-as-email\" aria-required=\"true\" aria-invalid=\"false\" placeholder=\"Email\" value=\"\" type=\"email\" name=\"your-email\" \/><\/span>\n\t\t<\/p>\n\t<\/div>\n<\/div>\n<p><span class=\"wpcf7-form-control-wrap\" data-name=\"your-message\"><textarea cols=\"40\" rows=\"10\" class=\"wpcf7-form-control wpcf7-textarea\" aria-invalid=\"false\" placeholder=\"Message...\" name=\"your-message\"><\/textarea><\/span>\n<\/p>\n<div class=\"eltdf-grid-row eltdf-grid-normal-gutter\" style=\"margin: 30px auto 0;\">\n\t<p><span class=\"wpcf7-form-control-wrap\" data-name=\"acceptance-989\"><span class=\"wpcf7-form-control wpcf7-acceptance\"><span class=\"wpcf7-list-item\"><label><input type=\"checkbox\" name=\"acceptance-989\" value=\"1\" aria-invalid=\"false\" \/><span class=\"wpcf7-list-item-label\">Je d\u00e9clare avoir lu et accept\u00e9 la <a href=\"\/privacy-policy\/\" target=\"_blank\">politique de confidentialit\u00e9<\/a> du site Web que nous<\/span><\/label><\/span><\/span><\/span>\n\t<\/p>\n\t<p><input class=\"wpcf7-form-control wpcf7-submit has-spinner\" type=\"submit\" value=\"Envoyer\" \/><br \/>\n\t<span class=\"wpcf7-form-control-wrap titolo-della-pagina\" data-name=\"titolo-della-pagina\"><input type=\"hidden\" name=\"titolo-della-pagina\" id=\"\" class=\"wpcf7-form-control wpcf7-hidden wpcf7dtx wpcf7dtx-hidden\" aria-invalid=\"false\" value=\"Sion\" \/><\/span><br \/>\n\t<span class=\"wpcf7-form-control-wrap url-pagina-riferimento\" data-name=\"url-pagina-riferimento\"><input type=\"hidden\" name=\"url-pagina-riferimento\" id=\"\" class=\"wpcf7-form-control wpcf7-hidden wpcf7dtx wpcf7dtx-hidden\" aria-invalid=\"false\" value=\"https:\/\/www.arredojolly.com\/fr\/wp-json\/wp\/v2\/pages\/7155\" \/><\/span>\n\t<\/p>\n<\/div><div class=\"wpcf7-response-output\" aria-hidden=\"true\"><\/div>\n<\/form>\n<\/div>\n[\/vc_column_inner][\/vc_row_inner][\/vc_column][\/vc_row][vc_row enable_borders=\u00a0\u00bbleft-right\u00a0\u00bb eltd_border_color=\u00a0\u00bb#ece8e5&Prime; css=\u00a0\u00bb.vc_custom_1579683948712{border-top-width: 1px !important;padding-top: 65px !important;padding-bottom: 85px !important;border-top-color: #ece8e5 !important;border-top-style: solid !important;}\u00a0\u00bb][vc_column][vc_row_inner row_content_width=\u00a0\u00bbgrid\u00a0\u00bb css=\u00a0\u00bb.vc_custom_1579618091506{padding-bottom: 20px !important;}\u00a0\u00bb][vc_column_inner]<div class=\"eltdf-call-to-action-holder  eltdf-normal-layout  eltdf-three-quarters-columns\">\n\t<div class=\"eltdf-cta-inner \">\n\t\t<div class=\"eltdf-cta-text-holder\">\n\t\t\t<div class=\"eltdf-cta-text\">\n<h2>O\u00f9 peux-tu nous trouver<\/h2>\n<\/div>\n\t\t<\/div>\n\t\t<div class=\"eltdf-cta-button-holder\" >\n\t\t\t<div class=\"eltdf-cta-button\"><a itemprop=\"url\" href=\"#contac\" target=\"_self\" style=\"color: #000000\" class=\"eltdf-btn eltdf-btn-medium eltdf-btn-outline eltdf-btn-custom-hover-bg eltdf-btn-custom-hover-color\" data-hover-color=\"#ffffff\" data-hover-bg-color=\"#000000\" >    <span class=\"eltdf-btn-text\">Demandez un devis<\/span>    <\/a><\/div>\n\t\t<\/div>\n\t<\/div>\n<\/div>[vc_empty_space height=\u00a0\u00bb50px\u00a0\u00bb][vc_gmaps link=\u00a0\u00bb#E-8_JTNDaWZyYW1lJTIwc3JjJTNEJTIyaHR0cHMlM0ElMkYlMkZ3d3cuZ29vZ2xlLmNvbSUyRm1hcHMlMkZlbWJlZCUzRnBiJTNEJTIxMW0xNCUyMTFtOCUyMTFtMyUyMTFkMTEwMzguODg1NDc4OTQ3MDQ4JTIxMmQ3LjM2MDA2MDUlMjEzZDQ2LjIzNTg4NTQlMjEzbTIlMjExaTEwMjQlMjEyaTc2OCUyMTRmMTMuMSUyMTNtMyUyMTFtMiUyMTFzMHgwJTI1M0EweDkzNTBiZDhhZDQxYTZmMmQlMjEyc0FycmVkbyUyNTIwSm9sbHklMjUyMEdtYkglMjE1ZTAlMjEzbTIlMjExc2l0JTIxMnNpdCUyMTR2MTYxNjYwMzAzMzYzMCUyMTVtMiUyMTFzaXQlMjEyc2l0JTIyJTIwd2lkdGglM0QlMjI2MDAlMjIlMjBoZWlnaHQlM0QlMjI0NTAlMjIlMjBzdHlsZSUzRCUyMmJvcmRlciUzQTAlM0IlMjIlMjBhbGxvd2Z1bGxzY3JlZW4lM0QlMjIlMjIlMjBsb2FkaW5nJTNEJTIybGF6eSUyMiUzRSUzQyUyRmlmcmFtZSUzRQ==\u00a0\u00bb][\/vc_column_inner][\/vc_row_inner][\/vc_column][\/vc_row]<\/p>\n<\/div>","protected":false},"excerpt":{"rendered":"<p>[vc_row full_width=\u00a0\u00bbstretch_row_content_no_spaces\u00a0\u00bb content_placement=\u00a0\u00bbtop\u00a0\u00bb][vc_column css=\u00a0\u00bb.vc_custom_1570701164865{padding-top: 50px !important;padding-right: 50px !important;padding-bottom: 50px !important;padding-left: 50px !important;}\u00a0\u00bb][vc_column_text] Exposition \u00e0 Sion [\/vc_column_text][\/vc_column][\/vc_row][vc_row row_content_width=\u00a0\u00bbgrid\u00a0\u00bb enable_borders=\u00a0\u00bbleft-right\u00a0\u00bb css=\u00a0\u00bb.vc_custom_1579683900722{padding-top: 120px !important;padding-bottom: 120px !important;}\u00a0\u00bb simple_background_color=\u00a0\u00bb#ffffff\u00a0\u00bb eltd_border_color=\u00a0\u00bb#ece8e5&Prime;][vc_column][vc_column_text] Le design qui cr\u00e9e la personnalit\u00e9 avec les meilleures marques de meubles et de rev\u00eatements [&hellip;]<\/p>\n","protected":false},"author":3,"featured_media":0,"parent":0,"menu_order":0,"comment_status":"closed","ping_status":"closed","template":"full-width.php","meta":{"footnotes":""},"yoast_head":"<!-- This site is optimized with the Yoast SEO plugin v19.10 - https:\/\/yoast.com\/wordpress\/plugins\/seo\/ -->\n<title>Arredo Jolly Sion | Exposition et Design<\/title>\n<meta name=\"description\" content=\"Le design qui cr\u00e9e la personnalit\u00e9 avec les meilleures marques de meubles et de rev\u00eatements, Avenue Ritz 35, 1950 Sion, Svizzera.\" \/>\n<meta name=\"robots\" content=\"index, follow, max-snippet:-1, max-image-preview:large, max-video-preview:-1\" \/>\n<link rel=\"canonical\" href=\"https:\/\/www.arredojolly.com\/fr\/exposition-sion\/\" \/>\n<meta property=\"og:locale\" content=\"fr_FR\" \/>\n<meta property=\"og:type\" content=\"article\" \/>\n<meta property=\"og:title\" content=\"Arredo Jolly Sion | Exposition et Design\" \/>\n<meta property=\"og:description\" content=\"Le design qui cr\u00e9e la personnalit\u00e9 avec les meilleures marques de meubles et de rev\u00eatements, Avenue Ritz 35, 1950 Sion, Svizzera.\" \/>\n<meta property=\"og:url\" content=\"https:\/\/www.arredojolly.com\/fr\/exposition-sion\/\" \/>\n<meta property=\"og:site_name\" content=\"Arredo Jolly\" \/>\n<meta property=\"article:publisher\" content=\"https:\/\/www.facebook.com\/Arredo-Jolly-Gravellona-Toce-Cannobio-Verbania-658281340851746\/\" \/>\n<meta property=\"article:modified_time\" content=\"2021-03-24T17:16:45+00:00\" \/>\n<meta name=\"twitter:card\" content=\"summary_large_image\" \/>\n<meta name=\"twitter:label1\" content=\"Dur\u00e9e de lecture estim\u00e9e\" \/>\n\t<meta name=\"twitter:data1\" content=\"8 minutes\" \/>\n<script type=\"application\/ld+json\" class=\"yoast-schema-graph\">{\"@context\":\"https:\/\/schema.org\",\"@graph\":[{\"@type\":\"WebPage\",\"@id\":\"https:\/\/www.arredojolly.com\/fr\/exposition-sion\/\",\"url\":\"https:\/\/www.arredojolly.com\/fr\/exposition-sion\/\",\"name\":\"Arredo Jolly Sion | Exposition et Design\",\"isPartOf\":{\"@id\":\"https:\/\/www.arredojolly.com\/fr\/#website\"},\"datePublished\":\"2021-03-24T13:38:31+00:00\",\"dateModified\":\"2021-03-24T17:16:45+00:00\",\"description\":\"Le design qui cr\u00e9e la personnalit\u00e9 avec les meilleures marques de meubles et de rev\u00eatements, Avenue Ritz 35, 1950 Sion, Svizzera.\",\"breadcrumb\":{\"@id\":\"https:\/\/www.arredojolly.com\/fr\/exposition-sion\/#breadcrumb\"},\"inLanguage\":\"fr-FR\",\"potentialAction\":[{\"@type\":\"ReadAction\",\"target\":[\"https:\/\/www.arredojolly.com\/fr\/exposition-sion\/\"]}]},{\"@type\":\"BreadcrumbList\",\"@id\":\"https:\/\/www.arredojolly.com\/fr\/exposition-sion\/#breadcrumb\",\"itemListElement\":[{\"@type\":\"ListItem\",\"position\":1,\"name\":\"Home\",\"item\":\"https:\/\/www.arredojolly.com\/fr\/\"},{\"@type\":\"ListItem\",\"position\":2,\"name\":\"Sion\"}]},{\"@type\":\"WebSite\",\"@id\":\"https:\/\/www.arredojolly.com\/fr\/#website\",\"url\":\"https:\/\/www.arredojolly.com\/fr\/\",\"name\":\"Arredo Jolly | Interior Design e Arredo Bagno | Verbania Locarno\",\"description\":\"Progettazione e Interior Design\",\"publisher\":{\"@id\":\"https:\/\/www.arredojolly.com\/fr\/#organization\"},\"potentialAction\":[{\"@type\":\"SearchAction\",\"target\":{\"@type\":\"EntryPoint\",\"urlTemplate\":\"https:\/\/www.arredojolly.com\/fr\/?s={search_term_string}\"},\"query-input\":\"required name=search_term_string\"}],\"inLanguage\":\"fr-FR\"},{\"@type\":\"Organization\",\"@id\":\"https:\/\/www.arredojolly.com\/fr\/#organization\",\"name\":\"Arredo Jolly\",\"url\":\"https:\/\/www.arredojolly.com\/fr\/\",\"logo\":{\"@type\":\"ImageObject\",\"inLanguage\":\"fr-FR\",\"@id\":\"https:\/\/www.arredojolly.com\/fr\/#\/schema\/logo\/image\/\",\"url\":\"https:\/\/www.arredojolly.com\/wp-content\/uploads\/2020\/01\/logom.png\",\"contentUrl\":\"https:\/\/www.arredojolly.com\/wp-content\/uploads\/2020\/01\/logom.png\",\"width\":195,\"height\":25,\"caption\":\"Arredo Jolly\"},\"image\":{\"@id\":\"https:\/\/www.arredojolly.com\/fr\/#\/schema\/logo\/image\/\"},\"sameAs\":[\"https:\/\/www.instagram.com\/arredojolly\/\",\"https:\/\/www.youtube.com\/channel\/UCB-Z4A0TyZMUkf0zAdFCjsw\/\",\"https:\/\/www.facebook.com\/Arredo-Jolly-Gravellona-Toce-Cannobio-Verbania-658281340851746\/\"]}]}<\/script>\n<!-- \/ Yoast SEO plugin. -->","yoast_head_json":{"title":"Arredo Jolly Sion | Exposition et Design","description":"Le design qui cr\u00e9e la personnalit\u00e9 avec les meilleures marques de meubles et de rev\u00eatements, Avenue Ritz 35, 1950 Sion, Svizzera.","robots":{"index":"index","follow":"follow","max-snippet":"max-snippet:-1","max-image-preview":"max-image-preview:large","max-video-preview":"max-video-preview:-1"},"canonical":"https:\/\/www.arredojolly.com\/fr\/exposition-sion\/","og_locale":"fr_FR","og_type":"article","og_title":"Arredo Jolly Sion | Exposition et Design","og_description":"Le design qui cr\u00e9e la personnalit\u00e9 avec les meilleures marques de meubles et de rev\u00eatements, Avenue Ritz 35, 1950 Sion, Svizzera.","og_url":"https:\/\/www.arredojolly.com\/fr\/exposition-sion\/","og_site_name":"Arredo Jolly","article_publisher":"https:\/\/www.facebook.com\/Arredo-Jolly-Gravellona-Toce-Cannobio-Verbania-658281340851746\/","article_modified_time":"2021-03-24T17:16:45+00:00","twitter_card":"summary_large_image","twitter_misc":{"Dur\u00e9e de lecture estim\u00e9e":"8 minutes"},"schema":{"@context":"https:\/\/schema.org","@graph":[{"@type":"WebPage","@id":"https:\/\/www.arredojolly.com\/fr\/exposition-sion\/","url":"https:\/\/www.arredojolly.com\/fr\/exposition-sion\/","name":"Arredo Jolly Sion | Exposition et Design","isPartOf":{"@id":"https:\/\/www.arredojolly.com\/fr\/#website"},"datePublished":"2021-03-24T13:38:31+00:00","dateModified":"2021-03-24T17:16:45+00:00","description":"Le design qui cr\u00e9e la personnalit\u00e9 avec les meilleures marques de meubles et de rev\u00eatements, Avenue Ritz 35, 1950 Sion, Svizzera.","breadcrumb":{"@id":"https:\/\/www.arredojolly.com\/fr\/exposition-sion\/#breadcrumb"},"inLanguage":"fr-FR","potentialAction":[{"@type":"ReadAction","target":["https:\/\/www.arredojolly.com\/fr\/exposition-sion\/"]}]},{"@type":"BreadcrumbList","@id":"https:\/\/www.arredojolly.com\/fr\/exposition-sion\/#breadcrumb","itemListElement":[{"@type":"ListItem","position":1,"name":"Home","item":"https:\/\/www.arredojolly.com\/fr\/"},{"@type":"ListItem","position":2,"name":"Sion"}]},{"@type":"WebSite","@id":"https:\/\/www.arredojolly.com\/fr\/#website","url":"https:\/\/www.arredojolly.com\/fr\/","name":"Arredo Jolly | Interior Design e Arredo Bagno | Verbania Locarno","description":"Progettazione e Interior Design","publisher":{"@id":"https:\/\/www.arredojolly.com\/fr\/#organization"},"potentialAction":[{"@type":"SearchAction","target":{"@type":"EntryPoint","urlTemplate":"https:\/\/www.arredojolly.com\/fr\/?s={search_term_string}"},"query-input":"required name=search_term_string"}],"inLanguage":"fr-FR"},{"@type":"Organization","@id":"https:\/\/www.arredojolly.com\/fr\/#organization","name":"Arredo Jolly","url":"https:\/\/www.arredojolly.com\/fr\/","logo":{"@type":"ImageObject","inLanguage":"fr-FR","@id":"https:\/\/www.arredojolly.com\/fr\/#\/schema\/logo\/image\/","url":"https:\/\/www.arredojolly.com\/wp-content\/uploads\/2020\/01\/logom.png","contentUrl":"https:\/\/www.arredojolly.com\/wp-content\/uploads\/2020\/01\/logom.png","width":195,"height":25,"caption":"Arredo Jolly"},"image":{"@id":"https:\/\/www.arredojolly.com\/fr\/#\/schema\/logo\/image\/"},"sameAs":["https:\/\/www.instagram.com\/arredojolly\/","https:\/\/www.youtube.com\/channel\/UCB-Z4A0TyZMUkf0zAdFCjsw\/","https:\/\/www.facebook.com\/Arredo-Jolly-Gravellona-Toce-Cannobio-Verbania-658281340851746\/"]}]}},"_links":{"self":[{"href":"https:\/\/www.arredojolly.com\/fr\/wp-json\/wp\/v2\/pages\/7155"}],"collection":[{"href":"https:\/\/www.arredojolly.com\/fr\/wp-json\/wp\/v2\/pages"}],"about":[{"href":"https:\/\/www.arredojolly.com\/fr\/wp-json\/wp\/v2\/types\/page"}],"author":[{"embeddable":true,"href":"https:\/\/www.arredojolly.com\/fr\/wp-json\/wp\/v2\/users\/3"}],"replies":[{"embeddable":true,"href":"https:\/\/www.arredojolly.com\/fr\/wp-json\/wp\/v2\/comments?post=7155"}],"version-history":[{"count":33,"href":"https:\/\/www.arredojolly.com\/fr\/wp-json\/wp\/v2\/pages\/7155\/revisions"}],"predecessor-version":[{"id":7239,"href":"https:\/\/www.arredojolly.com\/fr\/wp-json\/wp\/v2\/pages\/7155\/revisions\/7239"}],"wp:attachment":[{"href":"https:\/\/www.arredojolly.com\/fr\/wp-json\/wp\/v2\/media?parent=7155"}],"curies":[{"name":"wp","href":"https:\/\/api.w.org\/{rel}","templated":true}]}}